{"id":84,"date":"2024-04-17T18:21:25","date_gmt":"2024-04-17T16:21:25","guid":{"rendered":"http:\/\/meinbsv.de\/korpsderkoenige\/?page_id=84"},"modified":"2024-11-08T10:30:39","modified_gmt":"2024-11-08T09:30:39","slug":"geschichte-des-korps-der-koenige","status":"publish","type":"page","link":"https:\/\/meinbsv.de\/koeniglicheskorps\/geschichte-des-korps-der-koenige\/","title":{"rendered":"Geschichte des K\u00f6niglichen Korps"},"content":{"rendered":"<div data-colibri-id=\"84-c1\" class=\"style-229 style-local-84-c1 position-relative\">\n  \n  <div data-colibri-component=\"section\" data-colibri-id=\"84-c2\" id=\"custom\" class=\"h-section h-section-global-spacing d-flex align-items-lg-center align-items-md-center align-items-center style-233 style-local-84-c2 position-relative\">\n    \n    \n    <div class=\"h-section-grid-container h-section-boxed-container\">\n      \n      <div data-colibri-id=\"84-c3\" class=\"h-row-container gutters-row-lg-2 gutters-row-md-2 gutters-row-0 gutters-row-v-lg-2 gutters-row-v-md-2 gutters-row-v-2 style-234 style-local-84-c3 position-relative\">\n        \n        <div class=\"h-row justify-content-lg-center justify-content-md-center justify-content-center align-items-lg-stretch align-items-md-stretch align-items-stretch gutters-col-lg-2 gutters-col-md-2 gutters-col-0 gutters-col-v-lg-2 gutters-col-v-md-2 gutters-col-v-2\">\n          \n          <div class=\"h-column h-column-container d-flex h-col-lg-auto h-col-md-auto h-col-auto style-235-outer style-local-84-c4-outer\">\n            <div data-colibri-id=\"84-c4\" class=\"d-flex h-flex-basis h-column__inner h-px-lg-2 h-px-md-2 h-px-2 v-inner-lg-2 v-inner-md-2 v-inner-2 style-235 style-local-84-c4 position-relative\">\n              \n              \n              <div class=\"w-100 h-y-container h-column__content h-column__v-align flex-basis-100 align-self-lg-start align-self-md-start align-self-start\">\n                \n                <div data-colibri-id=\"84-c5\" class=\"h-text h-text-component style-236 style-local-84-c5 position-relative h-element\">\n                  \n                  \n                  <div class=\"\">\n                    <p>Der B\u00fcrgersch\u00fctzen-Verein Freckenhorst, mit einer langen Tradition, die bis ins 14. Jahrhundert zur\u00fcckreicht, ist ein Herzst\u00fcck der lokalen Gemeinschaft. Besonders bemerkenswert ist die Geschichte des Korps der K\u00f6nige, heute <strong>k\u00f6nigliches Korps<\/strong>,\n                      eine Formation, die sich aus ehemaligen Sch\u00fctzenk\u00f6nigen zusammensetzt und eine zentrale Rolle in den Feierlichkeiten und Zeremonien des Vereins spielt. Im Laufe der Jahre hat das Korps durch seine Aktivit\u00e4ten und sein Engagement\n                      f\u00fcr den Verein und die Gemeinde an Bedeutung gewonnen. Die Chronik des Korps ist reich an Ereignissen und Pers\u00f6nlichkeiten, die die kulturelle Identit\u00e4t von Freckenhorst gepr\u00e4gt haben.&nbsp;<\/p>\n                    <p>Die Geschichte des B\u00fcrgersch\u00fctzen-Vereins Freckenhorst ist lang und traditionsreich. Eigentlich ist seine Gr\u00fcndung im Jahr 1836 ein \u201eWiederbegr\u00fcndungsjahr\u201c, denn einen viel weiteren zeitlichen Bogen \u00fcberspannt das Freckenhorster Sch\u00fctzenwesen.\n                      Das erste Sch\u00fctzenfest war f\u00fcr das Jahr 1835 geplant, wurde aber wohlm\u00f6glich nicht gefeiert. Mit der heute noch vorliegenden Einladung zum Sch\u00fctzenfest am 17. Juli 1837 hei\u00dft es: <strong>\u201e\u2026um das diesj\u00e4hrige Fest <u>wieder<\/u> in einem frohsinnigen Kirkel feiern zu k\u00f6nnen\u201c<\/strong>,\n                      d\u00fcrfen wir den Schluss ziehen, dass zumindest im Jahr 1836 das erste Sch\u00fctzenfest gefeiert wurde. Dies ist daher auch die Begr\u00fcndung, dass&nbsp;der B\u00fcrgersch\u00fctzen-Verein seit diesem Jahr besteht. Bis zum Jahr 1842 scheint man die\n                      Festlichkeiten in der einfachsten Form (frohsinniger Cirkel) <strong>ohne K\u00f6nigsschie\u00dfen<\/strong> als rein gesellschaftliche Veranstaltung durchgef\u00fchrt zu haben.<\/p>\n                    <p>Erster nachweislicher K\u00f6nig&nbsp;wurde im Jahr 1842 <strong>August Jacob<\/strong>, geb. 25.07.1804, Beruf Forsthilfsaufseher.<\/p>\n                    <p>Wohl von Beginn des Vereinslebens war es wohl ein h\u00f6lzerner Vogel, der von einer hohen Stange heruntergeschossen wurde. Wer diesen meist als Adler dargestellten Vogel von der Stange holte, ist bis heute K\u00f6nig der B\u00fcrgersch\u00fctzen und\n                      erhielt oder stiftete zur Erinnerung einen K\u00f6nigsorden, der nach dem Tod an einer K\u00f6nigskette befestigt wird. <strong>Die \u00e4lteste erhaltende K\u00f6nigsmedaille<\/strong> stammt aus dem Jahr <strong>1846 <\/strong>vom Sch\u00fctzenk\u00f6nig Bernhard\n                      Heuer, geb. 24.09.1820, Beruf G\u00e4rtner.<\/p>\n                  <\/div>\n                <\/div>\n              <\/div>\n            <\/div>\n          <\/div>\n        <\/div>\n      <\/div>\n    <\/div>\n  <\/div>\n  <div data-colibri-component=\"section\" data-colibri-id=\"84-c6\" id=\"custom-2\" class=\"h-section h-section-global-spacing d-flex align-items-lg-center align-items-md-center align-items-center style-237 style-local-84-c6 position-relative\">\n    \n    \n    <div class=\"h-section-grid-container h-section-boxed-container\">\n      \n      <div data-colibri-id=\"84-c7\" class=\"h-row-container gutters-row-lg-2 gutters-row-md-2 gutters-row-0 gutters-row-v-lg-2 gutters-row-v-md-2 gutters-row-v-2 style-238 style-local-84-c7 position-relative\">\n        \n        <div class=\"h-row justify-content-lg-center justify-content-md-center justify-content-center align-items-lg-stretch align-items-md-stretch align-items-stretch gutters-col-lg-2 gutters-col-md-2 gutters-col-0 gutters-col-v-lg-2 gutters-col-v-md-2 gutters-col-v-2\">\n          \n          <div class=\"h-column h-column-container d-flex h-col-lg-auto h-col-md-auto h-col-auto style-239-outer style-local-84-c8-outer\">\n            <div data-colibri-id=\"84-c8\" class=\"d-flex h-flex-basis h-column__inner h-px-lg-2 h-px-md-2 h-px-2 v-inner-lg-2 v-inner-md-2 v-inner-2 style-239 style-local-84-c8 position-relative\">\n              \n              \n              <div class=\"w-100 h-y-container h-column__content h-column__v-align flex-basis-100 align-self-lg-start align-self-md-start align-self-start\">\n                \n                <div data-colibri-id=\"84-c9\" class=\"h-text h-text-component style-240 style-local-84-c9 position-relative h-element\">\n                  \n                  \n                  <div class=\"\">\n                    <p>Wann und zu welchem Anlass oder mit welcher Begr\u00fcndung ist die heute K\u00f6nigskette entstanden? Die K\u00f6nigskette stammt aus dem Jahr 1893 \u2013 Stiftungsschild zum Anlass des 50-j\u00e4hrigen Bestehens des B\u00fcrgersch\u00fctzen-Vereins; sie ist somit\n                      \u00fcber <strong>100 Jahre alt<\/strong>. <strong>Diese Kette schenkte Frau Theo D\u00fchlmann, Bertha, geb. Thier,<\/strong> <strong>dem Freckenhorster B\u00fcrgersch\u00fctzen Verein als K\u00f6nigin im Jubeljahre 1893. <\/strong>Neben dieser K\u00f6nigskette\n                      gibt es noch eine kleinere und leichtere Kette, die sog. Tanzkette, die aber keine K\u00f6nigsorden tr\u00e4gt.<\/p>\n                    <p>Gewicht der K\u00f6nigskette: 2377g<\/p>\n                    <p>Anzahl der K\u00f6nigsorden an der Kette: 57<\/p>\n                    <p>Anzahl der K\u00f6nigsorden nicht an der Kette: 46<\/p>\n                    <p>Diese K\u00f6nigskette hat nat\u00fcrlich ihren fiskalischen Wert. Der ideelle Wert f\u00fcr den B\u00fcrgersch\u00fctzen-Verein ist enorm und wohl kaum zu beziffern.<\/p>\n                    <p>Kr\u00f6nungszeremonie und die Huldigung der neuen Majest\u00e4ten durch die Sch\u00fctzinnen und Sch\u00fctzen, die Polonaise durch die Stra\u00dfen in Uniform und Abendrobe und schlie\u00dflich der K\u00f6nigsball, \u2013 das sind die H\u00f6hepunkte der h\u00f6fischen Inszenierung.<\/p>\n                    <p>Bereits zum 100-j\u00e4hrigen Jubil\u00e4um des B\u00fcrgersch\u00fctzen-Vereins&nbsp;wird erw\u00e4hnt, dass am Sonntag, den 26. Juli 1936, hinter der Kapelle des Hammer Orchestervereins&nbsp;<strong>alle ehemaligen noch lebenden K\u00f6nige des Jubelvereins mit goldenen Zeptern<\/strong>                      Aufstellung nahmen. Auch ein Foto zu diesem Anlass ist noch vorhanden und dokumentiert, dass es wohl schon l\u00e4nger einen Zusammenschluss der K\u00f6nige gab, diese aber wohl nicht als eigenst\u00e4ndige Formation auftraten.<\/p>\n                  <\/div>\n                <\/div>\n                <div data-colibri-id=\"84-c10\" class=\"d-block style-248 style-local-84-c10 position-relative h-element\">\n                  \n                  <div class=\"h-image__frame-container-outer\">\n                    <div class=\"h-image__frame-container\">\n                      \n                      \n                      <img loading=\"lazy\" decoding=\"async\" width=\"1077\" height=\"871\" src=\"http:\/\/meinbsv.de\/korpsderkoenige\/wp-content\/uploads\/sites\/5\/2024\/10\/Bild1.jpg\" class=\"wp-image-177 style-248-image style-local-84-c10-image\" alt=\"\" srcset=\"https:\/\/meinbsv.de\/koeniglicheskorps\/wp-content\/uploads\/sites\/5\/2024\/10\/Bild1.jpg 1077w, https:\/\/meinbsv.de\/koeniglicheskorps\/wp-content\/uploads\/sites\/5\/2024\/10\/Bild1-300x243.jpg 300w, https:\/\/meinbsv.de\/koeniglicheskorps\/wp-content\/uploads\/sites\/5\/2024\/10\/Bild1-1024x828.jpg 1024w, https:\/\/meinbsv.de\/koeniglicheskorps\/wp-content\/uploads\/sites\/5\/2024\/10\/Bild1-768x621.jpg 768w\" sizes=\"auto, (max-width: 1077px) 100vw, 1077px\" \/>\n                      <div class=\"h-image__frame h-hide-lg h-hide-md h-hide-sm style-248-frameImage style-local-84-c10-frameImage\"><\/div>\n                    <\/div>\n                  <\/div>\n                <\/div>\n              <\/div>\n            <\/div>\n          <\/div>\n        <\/div>\n      <\/div>\n      <div data-colibri-id=\"84-c11\" class=\"h-row-container gutters-row-lg-2 gutters-row-md-2 gutters-row-0 gutters-row-v-lg-2 gutters-row-v-md-2 gutters-row-v-2 style-249 style-local-84-c11 position-relative\">\n        \n        <div class=\"h-row justify-content-lg-center justify-content-md-center justify-content-center align-items-lg-stretch align-items-md-stretch align-items-stretch gutters-col-lg-2 gutters-col-md-2 gutters-col-0 gutters-col-v-lg-2 gutters-col-v-md-2 gutters-col-v-2\">\n          \n          <div class=\"h-column h-column-container d-flex h-col-lg-auto h-col-md-auto h-col-auto style-250-outer style-local-84-c12-outer\">\n            <div data-colibri-id=\"84-c12\" class=\"d-flex h-flex-basis h-column__inner h-px-lg-2 h-px-md-2 h-px-2 v-inner-lg-2 v-inner-md-2 v-inner-2 style-250 style-local-84-c12 position-relative\">\n              \n              \n              <div class=\"w-100 h-y-container h-column__content h-column__v-align flex-basis-100 align-self-lg-start align-self-md-start align-self-start\">\n                \n                <div data-colibri-id=\"84-c13\" class=\"h-text h-text-component style-251 style-local-84-c13 position-relative h-element\">\n                  \n                  \n                  <div class=\"\">\n                    <p>Am 20. M\u00e4rz 1984 wurde die Formation \u201eKorps der ehemaligen K\u00f6nige\u201c in der Gastst\u00e4tte \u201eAlter Westfale Huesmann\u201c neu gegr\u00fcndet und bereits auf dem B\u00fcrgersch\u00fctzenfest 1984 erlebten die Zuschauer auf dem Stiftsmarkt schon den Vorbeimarsch\n                      der neuen Formation.<\/p>\n                  <\/div>\n                <\/div>\n              <\/div>\n            <\/div>\n          <\/div>\n        <\/div>\n      <\/div>\n    <\/div>\n  <\/div>\n  <div data-colibri-component=\"section\" data-colibri-id=\"84-c14\" id=\"custom-4\" class=\"h-section h-section-global-spacing d-flex align-items-lg-center align-items-md-center align-items-center style-244 style-local-84-c14 position-relative\">\n    \n    \n    <div class=\"h-section-grid-container h-section-boxed-container\">\n      \n      <div data-colibri-id=\"84-c15\" class=\"h-row-container gutters-row-lg-2 gutters-row-md-2 gutters-row-0 gutters-row-v-lg-2 gutters-row-v-md-2 gutters-row-v-2 style-253 style-local-84-c15 position-relative\">\n        \n        <div class=\"h-row justify-content-lg-center justify-content-md-center justify-content-center align-items-lg-stretch align-items-md-stretch align-items-stretch gutters-col-lg-2 gutters-col-md-2 gutters-col-0 gutters-col-v-lg-2 gutters-col-v-md-2 gutters-col-v-2\">\n          \n          <div class=\"h-column h-column-container d-flex h-col-lg-auto h-col-md-auto h-col-auto style-254-outer style-local-84-c16-outer\">\n            <div data-colibri-id=\"84-c16\" class=\"d-flex h-flex-basis h-column__inner h-px-lg-2 h-px-md-2 h-px-2 v-inner-lg-2 v-inner-md-2 v-inner-2 style-254 style-local-84-c16 position-relative\">\n              \n              \n              <div class=\"w-100 h-y-container h-column__content h-column__v-align flex-basis-100 align-self-lg-start align-self-md-start align-self-start\">\n                \n                <div data-colibri-id=\"84-c17\" class=\"h-text h-text-component style-255 style-local-84-c17 position-relative h-element\">\n                  \n                  \n                  <div class=\"\">\n                    <p>\n                      <u>Formationssprecher<\/u>:<\/p>\n                    <p>1984 \u2013 1996 &nbsp;&nbsp;Karl B\u00f6ckenh\u00fcser <\/p>\n                    <p>1996 \u2013 2003&nbsp;&nbsp;&nbsp;Klaus Halinde <\/p>\n                    <p>2003 &#8211;&nbsp;2023 &nbsp;August Weiser<\/p>\n                    <p>seit 2023 &nbsp;&nbsp;&nbsp;&nbsp;&nbsp;&nbsp;Alfons Ke\u00dfmann <\/p>\n                    <p>\n                      <u>Kassierer<\/u>\n                    <\/p>\n                    <p>1984 \u2013 1988&nbsp;&nbsp;&nbsp;Sch\u00fctzenmajor Theo Vo\u00df<\/p>\n                    <p>1988 \u2013 2021&nbsp;&nbsp;&nbsp;Bernhard Witczak <\/p>\n                    <p>seit 2021&nbsp;&nbsp;&nbsp;&nbsp;&nbsp;&nbsp;&nbsp;&nbsp;Meinolf Mersmann <\/p>\n                    <p>\n                      <u>Schriftf\u00fchrer<\/u>\n                    <\/p>\n                    <p>seit 2002&nbsp;&nbsp;&nbsp;&nbsp;&nbsp;&nbsp;&nbsp;&nbsp;Dieter Br\u00fcggemann<\/p>\n                  <\/div>\n                <\/div>\n              <\/div>\n            <\/div>\n          <\/div>\n        <\/div>\n      <\/div>\n    <\/div>\n  <\/div>\n  <div data-colibri-component=\"section\" data-colibri-id=\"84-c18\" id=\"custom-3\" class=\"h-section h-section-global-spacing d-flex align-items-lg-center align-items-md-center align-items-center style-241 style-local-84-c18 position-relative\">\n    \n    \n    <div class=\"h-section-grid-container h-section-boxed-container\">\n      \n      <div data-colibri-id=\"84-c19\" class=\"h-row-container gutters-row-lg-2 gutters-row-md-2 gutters-row-0 gutters-row-v-lg-2 gutters-row-v-md-2 gutters-row-v-2 style-262 style-local-84-c19 position-relative\">\n        \n        <div class=\"h-row justify-content-lg-center justify-content-md-center justify-content-center align-items-lg-stretch align-items-md-stretch align-items-stretch gutters-col-lg-2 gutters-col-md-2 gutters-col-0 gutters-col-v-lg-2 gutters-col-v-md-2 gutters-col-v-2\">\n          \n          <div class=\"h-column h-column-container d-flex h-col-lg-auto h-col-md-auto h-col-auto style-263-outer style-local-84-c20-outer\">\n            <div data-colibri-id=\"84-c20\" class=\"d-flex h-flex-basis h-column__inner h-px-lg-2 h-px-md-2 h-px-2 v-inner-lg-2 v-inner-md-2 v-inner-2 style-263 style-local-84-c20 position-relative\">\n              \n              \n              <div class=\"w-100 h-y-container h-column__content h-column__v-align flex-basis-100 align-self-lg-start align-self-md-start align-self-start\">\n                \n                <div data-colibri-id=\"84-c21\" class=\"d-block style-264 style-local-84-c21 position-relative h-element\">\n                  \n                  <div class=\"h-image__frame-container-outer\">\n                    <div class=\"h-image__frame-container\">\n                      \n                      \n                      <img loading=\"lazy\" decoding=\"async\" width=\"996\" height=\"683\" src=\"http:\/\/meinbsv.de\/korpsderkoenige\/wp-content\/uploads\/sites\/5\/2024\/10\/Bild2.jpg\" class=\"wp-image-178 style-264-image style-local-84-c21-image\" alt=\"\" srcset=\"https:\/\/meinbsv.de\/koeniglicheskorps\/wp-content\/uploads\/sites\/5\/2024\/10\/Bild2.jpg 996w, https:\/\/meinbsv.de\/koeniglicheskorps\/wp-content\/uploads\/sites\/5\/2024\/10\/Bild2-300x206.jpg 300w, https:\/\/meinbsv.de\/koeniglicheskorps\/wp-content\/uploads\/sites\/5\/2024\/10\/Bild2-768x527.jpg 768w\" sizes=\"auto, (max-width: 996px) 100vw, 996px\" \/>\n                      <div class=\"h-image__frame h-hide-lg h-hide-md h-hide-sm style-264-frameImage style-local-84-c21-frameImage\"><\/div>\n                    <\/div>\n                  <\/div>\n                <\/div>\n              <\/div>\n            <\/div>\n          <\/div>\n        <\/div>\n      <\/div>\n      <div data-colibri-id=\"84-c22\" class=\"h-row-container gutters-row-lg-2 gutters-row-md-2 gutters-row-0 gutters-row-v-lg-2 gutters-row-v-md-2 gutters-row-v-2 style-242 style-local-84-c22 position-relative\">\n        \n        <div class=\"h-row justify-content-lg-center justify-content-md-center justify-content-center align-items-lg-stretch align-items-md-stretch align-items-stretch gutters-col-lg-2 gutters-col-md-2 gutters-col-0 gutters-col-v-lg-2 gutters-col-v-md-2 gutters-col-v-2\">\n          \n          <div class=\"h-column h-column-container d-flex h-col-lg-auto h-col-md-auto h-col-auto style-243-outer style-local-84-c23-outer\">\n            <div data-colibri-id=\"84-c23\" class=\"d-flex h-flex-basis h-column__inner h-px-lg-2 h-px-md-2 h-px-2 v-inner-lg-2 v-inner-md-2 v-inner-2 style-243 style-local-84-c23 position-relative\">\n              \n              \n              <div class=\"w-100 h-y-container h-column__content h-column__v-align flex-basis-100 align-self-lg-start align-self-md-start align-self-start\">\n                \n                <div data-colibri-id=\"84-c24\" class=\"h-text h-text-component style-256 style-local-84-c24 position-relative h-element\">\n                  \n                  \n                  <div class=\"\">\n                    <p>Auf dem B\u00fcrgersch\u00fctzenfest am 28.07.1986 erhielt das Korps aus den H\u00e4nden von Pr\u00e4sident Bruno R\u00f6hrs eine eigene Formationsfahne. Erste Fahnentr\u00e4ger waren die Chargierten J\u00fcrgen Kalisch, Ewald Oertker und Dieter Middendorf.<\/p>\n                    <p>Erster Anlaufpunkt f\u00fcr die neue Formation war von 1984 \u2013 1989 die Gastwirtschaft Wegmann-Eimer. Nach der Schlie\u00dfung wurde als neue K\u00f6nigsklause die Gastwirtschaft \u201eAlter Westfale\u201c Huesmann gew\u00e4hlt, die bis heute St\u00fctzpunkt der Formation\n                      ist. Die Formationsfahne und eine Auflistung der K\u00f6nige seit dem Jahr 1949 werden seitdem in einem Eichenschrank aufbewahrt und ausgestellt. Der Formationsname wurde in den vergangenen 40 Jahren mehrmals ge\u00e4ndert. Im Gr\u00fcndungsjahr\n                      nannte sich die K\u00f6nigsformation \u201e<strong><em>Korps der ehemaligen K\u00f6nige<\/em><\/strong>\u201c.&nbsp;Nach dem Motto <em>\u201eeinmal K\u00f6nig, immer K\u00f6nig\u201c<\/em> wurde dann im Jahr 2008 die Umbenennung ins \u201e<strong><em>Korps der K\u00f6nige<\/em><\/strong>\u201c\n                      beschlossen. Seit dem Jahr 2014 k\u00f6nnen Frauen im B\u00fcrgersch\u00fctzen-Verein auf den K\u00f6nigsadler schie\u00dfen und K\u00f6nigin im Verein werden. Um diese M\u00f6glichkeit auch im Formationsamen zu hinterlegen und eine entsprechende Willkommenskultur\n                      f\u00fcr eine evtl. K\u00f6nigin im K\u00f6nigskorps zu formulieren, erhielt die Formation im Jahr 2024 den Namen \u201e<strong><em>K\u00f6nigliches Korps<\/em><\/strong>\u201c. <\/p>\n                    <p>\n                      <br>\n                    <\/p>\n                  <\/div>\n                <\/div>\n              <\/div>\n            <\/div>\n          <\/div>\n        <\/div>\n      <\/div>\n    <\/div>\n  <\/div>\n  <div data-colibri-component=\"section\" data-colibri-id=\"84-c25\" id=\"custom-5\" class=\"h-section h-section-global-spacing d-flex align-items-lg-center align-items-md-center align-items-center style-257 style-local-84-c25 position-relative\">\n    \n    \n    <div class=\"h-section-grid-container h-section-boxed-container\">\n      \n      <div data-colibri-id=\"84-c26\" class=\"h-row-container gutters-row-lg-2 gutters-row-md-2 gutters-row-0 gutters-row-v-lg-2 gutters-row-v-md-2 gutters-row-v-2 style-258 style-local-84-c26 position-relative\">\n        \n        <div class=\"h-row justify-content-lg-center justify-content-md-center justify-content-center align-items-lg-stretch align-items-md-stretch align-items-stretch gutters-col-lg-2 gutters-col-md-2 gutters-col-0 gutters-col-v-lg-2 gutters-col-v-md-2 gutters-col-v-2\">\n          \n          <div class=\"h-column h-column-container d-flex h-col-lg-auto h-col-md-auto h-col-auto style-259-outer style-local-84-c27-outer\">\n            <div data-colibri-id=\"84-c27\" class=\"d-flex h-flex-basis h-column__inner h-px-lg-2 h-px-md-2 h-px-2 v-inner-lg-2 v-inner-md-2 v-inner-2 style-259 style-local-84-c27 position-relative\">\n              \n              \n              <div class=\"w-100 h-y-container h-column__content h-column__v-align flex-basis-100 align-self-lg-start align-self-md-start align-self-start\">\n                \n                <div data-colibri-id=\"84-c28\" class=\"h-text h-text-component style-260 style-local-84-c28 position-relative h-element\">\n                  \n                  \n                  <div class=\"\">\n                    <p>Zwei Fotos aus dem Jahr 1957. In diesen Bildnachweisen von Erich Bengsch aus Warendorf werden die Fotos wie folgt untertitelt: &nbsp; &nbsp;<\/p>\n                  <\/div>\n                <\/div>\n              <\/div>\n            <\/div>\n          <\/div>\n          <div class=\"h-column h-column-container d-flex h-col-lg-auto h-col-md-auto h-col-auto style-259-outer style-local-84-c29-outer\">\n            <div data-colibri-id=\"84-c29\" class=\"d-flex h-flex-basis h-column__inner h-px-lg-2 h-px-md-2 h-px-2 v-inner-lg-2 v-inner-md-2 v-inner-2 style-259 style-local-84-c29 position-relative\">\n              \n              \n              <div class=\"w-100 h-y-container h-column__content h-column__v-align flex-basis-100 align-self-lg-start align-self-md-start align-self-start\">\n                \n                <div data-colibri-id=\"84-c30\" class=\"d-block style-265 style-local-84-c30 position-relative h-element\">\n                  \n                  <div class=\"h-image__frame-container-outer\">\n                    <div class=\"h-image__frame-container\">\n                      \n                      \n                      <img loading=\"lazy\" decoding=\"async\" width=\"564\" height=\"412\" src=\"http:\/\/meinbsv.de\/korpsderkoenige\/wp-content\/uploads\/sites\/5\/2024\/10\/Bild3.jpg\" class=\"wp-image-179 style-265-image style-local-84-c30-image\" alt=\"\" srcset=\"https:\/\/meinbsv.de\/koeniglicheskorps\/wp-content\/uploads\/sites\/5\/2024\/10\/Bild3.jpg 564w, https:\/\/meinbsv.de\/koeniglicheskorps\/wp-content\/uploads\/sites\/5\/2024\/10\/Bild3-300x219.jpg 300w\" sizes=\"auto, (max-width: 564px) 100vw, 564px\" \/>\n                      <div class=\"h-image__frame h-hide-lg h-hide-md h-hide-sm style-265-frameImage style-local-84-c30-frameImage\"><\/div>\n                    <\/div>\n                    <div class=\"style-265-caption style-local-84-c30-caption\">\n                      \u201eEine majest\u00e4tische Gruppe\u201c\n                    <\/div>\n                  <\/div>\n                <\/div>\n                <div data-colibri-id=\"84-c31\" class=\"d-block style-265 style-local-84-c31 position-relative h-element\">\n                  \n                  <div class=\"h-image__frame-container-outer\">\n                    <div class=\"h-image__frame-container\">\n                      \n                      \n                      <img loading=\"lazy\" decoding=\"async\" width=\"1614\" height=\"1130\" src=\"http:\/\/meinbsv.de\/koeniglicheskorps\/wp-content\/uploads\/sites\/5\/2024\/11\/Majestaetengruppe.jpg\" class=\"wp-image-258 style-265-image style-local-84-c31-image\" alt=\"\" srcset=\"https:\/\/meinbsv.de\/koeniglicheskorps\/wp-content\/uploads\/sites\/5\/2024\/11\/Majestaetengruppe.jpg 1614w, https:\/\/meinbsv.de\/koeniglicheskorps\/wp-content\/uploads\/sites\/5\/2024\/11\/Majestaetengruppe-300x210.jpg 300w, https:\/\/meinbsv.de\/koeniglicheskorps\/wp-content\/uploads\/sites\/5\/2024\/11\/Majestaetengruppe-1024x717.jpg 1024w, https:\/\/meinbsv.de\/koeniglicheskorps\/wp-content\/uploads\/sites\/5\/2024\/11\/Majestaetengruppe-768x538.jpg 768w, https:\/\/meinbsv.de\/koeniglicheskorps\/wp-content\/uploads\/sites\/5\/2024\/11\/Majestaetengruppe-1536x1075.jpg 1536w\" sizes=\"auto, (max-width: 1614px) 100vw, 1614px\" \/>\n                      <div class=\"h-image__frame h-hide-lg h-hide-md h-hide-sm style-265-frameImage style-local-84-c31-frameImage\"><\/div>\n                    <\/div>\n                    <div class=\"style-265-caption style-local-84-c31-caption\">\n                      \u201eDie Majest\u00e4tengruppe\u201c\n                    <\/div>\n                  <\/div>\n                <\/div>\n              <\/div>\n            <\/div>\n          <\/div>\n        <\/div>\n      <\/div>\n    <\/div>\n  <\/div>\n<\/div>","protected":false},"excerpt":{"rendered":"<p>Der B\u00fcrgersch\u00fctzen-Verein Freckenhorst, mit einer langen Tradition, die bis ins 14. Jahrhundert zur\u00fcckreicht, ist ein Herzst\u00fcck der lokalen Gemeinschaft. Besonders bemerkenswert ist die Geschichte des Korps der K\u00f6nige, heute k\u00f6nigliches Korps, eine Formation, die sich aus ehemaligen Sch\u00fctzenk\u00f6nigen zusammensetzt und eine zentrale Rolle in den Feierlichkeiten und Zeremonien des Vereins spielt. Im Laufe der Jahre [&hellip;]<\/p>\n","protected":false},"author":2,"featured_media":0,"parent":0,"menu_order":0,"comment_status":"closed","ping_status":"closed","template":"page-templates\/full-width-page.php","meta":{"footnotes":""},"class_list":["post-84","page","type-page","status-publish","hentry"],"_links":{"self":[{"href":"https:\/\/meinbsv.de\/koeniglicheskorps\/wp-json\/wp\/v2\/pages\/84","targetHints":{"allow":["GET"]}}],"collection":[{"href":"https:\/\/meinbsv.de\/koeniglicheskorps\/wp-json\/wp\/v2\/pages"}],"about":[{"href":"https:\/\/meinbsv.de\/koeniglicheskorps\/wp-json\/wp\/v2\/types\/page"}],"author":[{"embeddable":true,"href":"https:\/\/meinbsv.de\/koeniglicheskorps\/wp-json\/wp\/v2\/users\/2"}],"replies":[{"embeddable":true,"href":"https:\/\/meinbsv.de\/koeniglicheskorps\/wp-json\/wp\/v2\/comments?post=84"}],"version-history":[{"count":8,"href":"https:\/\/meinbsv.de\/koeniglicheskorps\/wp-json\/wp\/v2\/pages\/84\/revisions"}],"predecessor-version":[{"id":260,"href":"https:\/\/meinbsv.de\/koeniglicheskorps\/wp-json\/wp\/v2\/pages\/84\/revisions\/260"}],"wp:attachment":[{"href":"https:\/\/meinbsv.de\/koeniglicheskorps\/wp-json\/wp\/v2\/media?parent=84"}],"curies":[{"name":"wp","href":"https:\/\/api.w.org\/{rel}","templated":true}]}}